{"id":103,"date":"2025-04-28T08:08:03","date_gmt":"2025-04-28T08:08:03","guid":{"rendered":"https:\/\/warp-project.eu\/?page_id=103"},"modified":"2025-06-05T17:46:34","modified_gmt":"2025-06-05T14:46:34","slug":"partners","status":"publish","type":"page","link":"https:\/\/warp-project.eu\/es\/partners\/","title":{"rendered":"Socios"},"content":{"rendered":"<div class=\"wp-block-uagb-container section-img uagb-block-4e28198a alignfull uagb-is-root-container\">\n<figure class=\"wp-block-image size-full\"><img loading=\"lazy\" decoding=\"async\" width=\"2350\" height=\"382\" src=\"https:\/\/warp-project.eu\/wp-content\/uploads\/2025\/05\/27.jpg\" alt=\"27\" class=\"wp-image-264\" srcset=\"https:\/\/warp-project.eu\/wp-content\/uploads\/2025\/05\/27.jpg 2350w, https:\/\/warp-project.eu\/wp-content\/uploads\/2025\/05\/27-650x106.jpg 650w, https:\/\/warp-project.eu\/wp-content\/uploads\/2025\/05\/27-1280x208.jpg 1280w, https:\/\/warp-project.eu\/wp-content\/uploads\/2025\/05\/27-768x125.jpg 768w, https:\/\/warp-project.eu\/wp-content\/uploads\/2025\/05\/27-1536x250.jpg 1536w, https:\/\/warp-project.eu\/wp-content\/uploads\/2025\/05\/27-2048x333.jpg 2048w, https:\/\/warp-project.eu\/wp-content\/uploads\/2025\/05\/27-18x3.jpg 18w\" sizes=\"auto, (max-width: 2350px) 100vw, 2350px\" \/><\/figure>\n<\/div>\n\n\n\n<div class=\"wp-block-uagb-container main-page-lightgreen upper-paper-bg uagb-block-da431a8e alignfull uagb-is-root-container\">\n<h2 class=\"wp-block-heading\">Socios<\/h2>\n\n\n\n<div data-aos= \"fade-up\" data-aos-duration=\"400\" data-aos-delay=\"0\" data-aos-easing=\"ease\" data-aos-once=\"true\" class=\"wp-block-uagb-container main-page-white main-page-partners uagb-block-eea21150 alignfull uagb-is-root-container\">\n<div class=\"wp-block-columns are-vertically-aligned-center partners-block is-layout-flex wp-container-core-columns-is-layout-9d6595d7 wp-block-columns-is-layout-flex\">\n<div class=\"wp-block-column is-vertically-aligned-center is-layout-flow wp-block-column-is-layout-flow\" style=\"flex-basis:33.33%\"><div class=\"wp-block-image is-style-default\">\n<figure class=\"aligncenter size-full\"><a href=\"https:\/\/www.edu.xunta.gal\/centros\/iesribeiralouro\/\" target=\"_blank\" rel=\" noreferrer noopener\"><img loading=\"lazy\" decoding=\"async\" width=\"400\" height=\"300\" src=\"https:\/\/warp-project.eu\/wp-content\/uploads\/2025\/05\/ies.png\" alt=\"ies\" class=\"wp-image-218\" srcset=\"https:\/\/warp-project.eu\/wp-content\/uploads\/2025\/05\/ies.png 400w, https:\/\/warp-project.eu\/wp-content\/uploads\/2025\/05\/ies-16x12.png 16w\" sizes=\"auto, (max-width: 400px) 100vw, 400px\" \/><\/a><\/figure><\/div><\/div>\n\n\n\n<div class=\"wp-block-column is-vertically-aligned-center is-layout-flow wp-block-column-is-layout-flow\" style=\"flex-basis:66.66%\">\n<p><strong><a href=\"https:\/\/www.edu.xunta.gal\/centros\/iesribeiralouro\/\" target=\"_blank\" rel=\"noreferrer noopener\">IES Ribeira do Louro<\/a><\/strong><br>El IES Ribeira do Louro es un instituto p\u00fablico de FP que oferta una amplia gama de cursos, desde diversos niveles de educaci\u00f3n escolar hasta FP b\u00e1sica, de grado medio y superior, as\u00ed como educaci\u00f3n para adultos, de acuerdo con la estructura espa\u00f1ola de EFP. La instituci\u00f3n, que cuenta con alrededor de 700 estudiantes y 80 profesores, lleva participando en proyectos de la Uni\u00f3n Europea (UE) desde 1996, tanto en proyectos de movilidad como en aquellos dedicados a la producci\u00f3n de herramientas de aprendizaje, como los actuales proyectos Erasmus+ KA2. El objetivo de la mayor parte de ellos era desarrollar recursos de aprendizaje como videojuegos, animaciones, planes de estudio, gu\u00edas, manuales, material multimedia\u2026 Por lo general, estos recursos se elaboraron en base a un profundo an\u00e1lisis llevado a cabo para hacer hincapi\u00e9 en la situaci\u00f3n espec\u00edfica de un determinado \u00e1mbito: la colocaci\u00f3n y la producci\u00f3n de piedra natural, la construcci\u00f3n, la salud y la seguridad en el trabajo, el impacto del cambio clim\u00e1tico en un \u00e1rea en espec\u00edfico, etc. Asimismo, el IES Ribeira do Louro ha desempe\u00f1ado con frecuencia el papel de coordinador de estos proyectos, as\u00ed como de otros presentados en el marco de la Direcci\u00f3n General de Educaci\u00f3n, Formaci\u00f3n Profesional e Innovaci\u00f3n Educativa de la Xunta de Galicia.<\/p>\n<\/div>\n<\/div>\n\n\n\n<div class=\"wp-block-columns are-vertically-aligned-center partners-block is-layout-flex wp-container-core-columns-is-layout-9d6595d7 wp-block-columns-is-layout-flex\">\n<div class=\"wp-block-column is-vertically-aligned-center is-layout-flow wp-block-column-is-layout-flow\" style=\"flex-basis:33.33%\"><div class=\"wp-block-image is-style-default\">\n<figure class=\"aligncenter size-full\"><a href=\"https:\/\/uet.edu.al\/en\/\" target=\"_blank\" rel=\" noreferrer noopener\"><img loading=\"lazy\" decoding=\"async\" width=\"400\" height=\"300\" src=\"https:\/\/warp-project.eu\/wp-content\/uploads\/2025\/05\/tirane.png\" alt=\"tirane\" class=\"wp-image-219\" srcset=\"https:\/\/warp-project.eu\/wp-content\/uploads\/2025\/05\/tirane.png 400w, https:\/\/warp-project.eu\/wp-content\/uploads\/2025\/05\/tirane-16x12.png 16w\" sizes=\"auto, (max-width: 400px) 100vw, 400px\" \/><\/a><\/figure><\/div><\/div>\n\n\n\n<div class=\"wp-block-column is-vertically-aligned-center is-layout-flow wp-block-column-is-layout-flow\" style=\"flex-basis:66.66%\">\n<p><strong><a href=\"https:\/\/uet.edu.al\/en\/\" target=\"_blank\" rel=\"noreferrer noopener\">European University of Tirana<\/a><\/strong><br>La European University of Tirana (UET) es una de las universidades privadas m\u00e1s destacadas de Albania. La instituci\u00f3n, fundada en 2006 con el objetivo de proporcionar educaci\u00f3n de alta calidad, promover la investigaci\u00f3n acad\u00e9mica y fomentar la innovaci\u00f3n en la educaci\u00f3n superior, ofrece una gran variedad de planes de estudios de grado, m\u00e1ster y doctorado en diversas disciplinas como derecho, ciencias pol\u00edticas, econom\u00eda, comercio, comunicaci\u00f3n, ingenier\u00eda y ciencias sociales. La UET hace especial hincapi\u00e9 en la internacionalizaci\u00f3n y participa activamente en numerosos programas Erasmus+ y en otros financiados por la UE, en los que colabora con instituciones y organizaciones tanto de Europa como del resto del mundo. La universidad goza de un amplio reconocimiento gracias a su enfoque centrado en el estudiantado, a metodolog\u00edas docentes modernas y a su participaci\u00f3n activa en el di\u00e1logo pol\u00edtico y el desarrollo regional.<\/p>\n<\/div>\n<\/div>\n\n\n\n<div class=\"wp-block-columns are-vertically-aligned-center partners-block is-layout-flex wp-container-core-columns-is-layout-9d6595d7 wp-block-columns-is-layout-flex\">\n<div class=\"wp-block-column is-vertically-aligned-center is-layout-flow wp-block-column-is-layout-flow\" style=\"flex-basis:33.33%\"><div class=\"wp-block-image is-style-default\">\n<figure class=\"aligncenter size-full\"><a href=\"https:\/\/albacademy.al\/\" target=\"_blank\" rel=\" noreferrer noopener\"><img loading=\"lazy\" decoding=\"async\" width=\"400\" height=\"300\" src=\"https:\/\/warp-project.eu\/wp-content\/uploads\/2025\/04\/alb2.png\" alt=\"alb2\" class=\"wp-image-342\" srcset=\"https:\/\/warp-project.eu\/wp-content\/uploads\/2025\/04\/alb2.png 400w, https:\/\/warp-project.eu\/wp-content\/uploads\/2025\/04\/alb2-16x12.png 16w\" sizes=\"auto, (max-width: 400px) 100vw, 400px\" \/><\/a><\/figure><\/div><\/div>\n\n\n\n<div class=\"wp-block-column is-vertically-aligned-center is-layout-flow wp-block-column-is-layout-flow\" style=\"flex-basis:66.66%\">\n<p><strong><a href=\"https:\/\/albacademy.al\/\" target=\"_blank\" rel=\"noreferrer noopener\">Albacademy<\/a><\/strong><br>Albacademy, fundada en 2017 y con sede en Tirana, se dedica a elevar y desarrollar a las personas mediante una educaci\u00f3n y formaci\u00f3n de alta calidad. Su objetivo se centra en empoderar tanto a individuos como a organizaciones en el sector tur\u00edstico al otorgarles las habilidades necesarias para prosperar en un entorno en constante evoluci\u00f3n, a la vez que se especializa en formaci\u00f3n profesional, consultor\u00eda y proyectos de desarrollo de capacidades adaptados a las necesidades de dicha industria. Gracias a la amplia experiencia en formaci\u00f3n profesional, sostenibilidad y mejora de capacidades, Albacademy goza de una posici\u00f3n \u00fanica para abordar los retos y oportunidades dentro del sector tur\u00edstico. Adem\u00e1s, ofrece un extenso cat\u00e1logo de m\u00e1s de 30 programas de formaci\u00f3n en diversas \u00e1reas, entre las que se incluyen la hosteler\u00eda, las tecnolog\u00edas de la informaci\u00f3n, el marketing, las ventas, el dise\u00f1o y la gesti\u00f3n, y su vers\u00e1til enfoque les permite impartir formaci\u00f3n en l\u00ednea, presencial y de forma h\u00edbrida para as\u00ed atender a las diversas preferencias de aprendizaje. Asimismo, otro de los objetivos principales de Albacademy es ofrecer programas de formaci\u00f3n de alta calidad que preparen a las personas para triunfar en el sector de la hosteler\u00eda, por lo que sus cursos cubren \u00e1reas cruciales como la gesti\u00f3n hostelera, la excelencia en el servicio al cliente y las pr\u00e1cticas operativas sostenibles con el fin de garantizar que el estudiantado est\u00e9 bien equipados y puedan satisfacer las demandas de la industria.<\/p>\n<\/div>\n<\/div>\n\n\n\n<div class=\"wp-block-columns are-vertically-aligned-center partners-block is-layout-flex wp-container-core-columns-is-layout-9d6595d7 wp-block-columns-is-layout-flex\">\n<div class=\"wp-block-column is-vertically-aligned-center is-layout-flow wp-block-column-is-layout-flow\" style=\"flex-basis:33.33%\"><div class=\"wp-block-image is-style-default\">\n<figure class=\"aligncenter size-full\"><a href=\"https:\/\/recyclingalbania.com\/\" target=\"_blank\" rel=\" noreferrer noopener\"><img loading=\"lazy\" decoding=\"async\" width=\"400\" height=\"300\" src=\"https:\/\/warp-project.eu\/wp-content\/uploads\/2025\/05\/recyc.png\" alt=\"recyc\" class=\"wp-image-220\" srcset=\"https:\/\/warp-project.eu\/wp-content\/uploads\/2025\/05\/recyc.png 400w, https:\/\/warp-project.eu\/wp-content\/uploads\/2025\/05\/recyc-16x12.png 16w\" sizes=\"auto, (max-width: 400px) 100vw, 400px\" \/><\/a><\/figure><\/div><\/div>\n\n\n\n<div class=\"wp-block-column is-vertically-aligned-center is-layout-flow wp-block-column-is-layout-flow\" style=\"flex-basis:66.66%\">\n<p><strong><a href=\"https:\/\/recyclingalbania.com\/\" target=\"_blank\" rel=\"noreferrer noopener\">RecycAl<\/a><\/strong><br>\u00abPotenciamos soluciones circulares en Albania\u00bb. RecycAl es una empresa con compromiso ecol\u00f3gico y social fundada en Albania en 2022 por el experto en econom\u00eda circular Lulzim Baumann. RecycAl, que cuenta con m\u00e1s de una d\u00e9cada de experiencia en la gesti\u00f3n de residuos en Albania y Kosovo, aporta experiencia pr\u00e1ctica e innovaci\u00f3n al desarrollo de la econom\u00eda circular en los Balcanes Occidentales. Es la fundadora del primer Parque de Econom\u00eda Circular de Albania, un centro integrado de innovaci\u00f3n sostenible que alberga un patio de reciclaje para pl\u00e1sticos, metales, vidrio y papel; una tienda de segunda mano y un centro de reparaciones; un centro de educaci\u00f3n ecol\u00f3gica; y una sala de exposici\u00f3n de productos y tecnolog\u00edas circulares. La empresa es l\u00edder en materia de compromiso con la comunidad, educaci\u00f3n medioambiental y empleo inclusivo mediante una estrecha colaboraci\u00f3n con escuelas, municipios, recolectores informales de residuos (en especial en comunidades roman\u00eds) y socios internacionales. RecycAl tambi\u00e9n es un orgulloso miembro de la International Waste Alliance (Alianza Internacional de Residuos) PREVENT, organizada por el Ministerio Federal de Cooperaci\u00f3n Econ\u00f3mica y Desarrollo.<\/p>\n<\/div>\n<\/div>\n\n\n\n<div class=\"wp-block-columns are-vertically-aligned-center partners-block is-layout-flex wp-container-core-columns-is-layout-9d6595d7 wp-block-columns-is-layout-flex\">\n<div class=\"wp-block-column is-vertically-aligned-center is-layout-flow wp-block-column-is-layout-flow\" style=\"flex-basis:33.33%\"><div class=\"wp-block-image is-style-default\">\n<figure class=\"aligncenter size-full\"><a href=\"https:\/\/universum-ks.org\/en\/\" target=\"_blank\" rel=\" noreferrer noopener\"><img loading=\"lazy\" decoding=\"async\" width=\"400\" height=\"300\" src=\"https:\/\/warp-project.eu\/wp-content\/uploads\/2025\/05\/uni.png\" alt=\"uni\" class=\"wp-image-221\" srcset=\"https:\/\/warp-project.eu\/wp-content\/uploads\/2025\/05\/uni.png 400w, https:\/\/warp-project.eu\/wp-content\/uploads\/2025\/05\/uni-16x12.png 16w\" sizes=\"auto, (max-width: 400px) 100vw, 400px\" \/><\/a><\/figure><\/div><\/div>\n\n\n\n<div class=\"wp-block-column is-vertically-aligned-center is-layout-flow wp-block-column-is-layout-flow\" style=\"flex-basis:66.66%\">\n<p><strong><a href=\"https:\/\/universum-ks.org\/en\/\" target=\"_blank\" rel=\"noreferrer noopener\">Universum International College<\/a><\/strong><br>El Universum International College (UNI) es una instituci\u00f3n de educaci\u00f3n superior privada l\u00edder en Kosovo, homologada por la Agencia de Acreditaci\u00f3n de Kosovo y reconocida a nivel internacional por su colaboraci\u00f3n la Arizona State University. UNI, conocida como la instituci\u00f3n m\u00e1s internacionalizada del pa\u00eds, ofrece una gran variedad de programas de grado y postgrado en \u00e1reas como negocios, tecnolog\u00eda, ciencias de la salud, derecho y dise\u00f1o. Asimismo, la instituci\u00f3n proporciona al estudiantado acceso a oportunidades de doble titulaci\u00f3n, planes de estudios de vanguardia y est\u00e1ndares acad\u00e9micos globales a trav\u00e9s del innovador modelo de aprendizaje ASU; adem\u00e1s, gracias a un enfoque pedag\u00f3gico modernizado y centrado en el estudiante, tambi\u00e9n incide en la transformaci\u00f3n digital, la internacionalizaci\u00f3n y el emprendimiento. UNI cuenta con la Carta Erasmus de Educaci\u00f3n Superior y participa de forma activa en numerosos proyectos financiados por la UE, especialmente dentro de las acciones Erasmus+ KA1 y KA2. A trav\u00e9s de Fuertes v\u00ednculos con la industria y socios internacionales, UNI fomenta la empleabilidad, la inclusi\u00f3n y la excelencia en la educaci\u00f3n. As\u00ed, su misi\u00f3n es formar a ciudadanos y l\u00edderes con una visi\u00f3n global, capaces de crecer y destacar en la era digital.<\/p>\n<\/div>\n<\/div>\n\n\n\n<div class=\"wp-block-columns are-vertically-aligned-center partners-block is-layout-flex wp-container-core-columns-is-layout-9d6595d7 wp-block-columns-is-layout-flex\">\n<div class=\"wp-block-column is-vertically-aligned-center is-layout-flow wp-block-column-is-layout-flow\" style=\"flex-basis:33.33%\"><div class=\"wp-block-image is-style-default\">\n<figure class=\"aligncenter size-full\"><a href=\"https:\/\/kosovo.finnish.school\/\" target=\"_blank\" rel=\" noreferrer noopener\"><img loading=\"lazy\" decoding=\"async\" width=\"400\" height=\"300\" src=\"https:\/\/warp-project.eu\/wp-content\/uploads\/2025\/05\/finnish.png\" alt=\"finnish\" class=\"wp-image-222\" srcset=\"https:\/\/warp-project.eu\/wp-content\/uploads\/2025\/05\/finnish.png 400w, https:\/\/warp-project.eu\/wp-content\/uploads\/2025\/05\/finnish-16x12.png 16w\" sizes=\"auto, (max-width: 400px) 100vw, 400px\" \/><\/a><\/figure><\/div><\/div>\n\n\n\n<div class=\"wp-block-column is-vertically-aligned-center is-layout-flow wp-block-column-is-layout-flow\" style=\"flex-basis:66.66%\">\n<p><strong><a href=\"https:\/\/kosovo.finnish.school\/\" target=\"_blank\" rel=\"noreferrer noopener\">Finnish School of Kosovo<\/a><\/strong><\/p>\n\n\n\n<p>\u00abEl lugar donde la felicidad se une con la excelencia acad\u00e9mica\u00bb. Reconocida por Forbes por tener \u00abla educaci\u00f3n m\u00e1s creativa, personalizada y realista del mundo\u00bb, la Finnish School of Kosovo ofrece una experiencia K-12 transformadora basada en el modelo finland\u00e9s de renombre mundial, famoso por su equidad, innovaci\u00f3n y enfoque centrado en el estudiante. Como \u00fanico centro de Kosovo Council of International Schools (CIS) y escuela acreditada por Cambridge International, la instituci\u00f3n combina la filosof\u00eda hol\u00edstica de Finlandia con los niveles AS y A reconocidos mundialmente y as\u00ed prepara al estudiantado para que puedan acceder a universidades de prestigio y construir un futuro significativo. En la escuela, el aprendizaje es personalizado, basado en juegos y proyectos y muy humano; el plan de estudios se basa en siete competencias transversales, como el pensamiento cr\u00edtico, la fluencia digital o la empat\u00eda, integradas en todas las asignaturas para desarrollar a personas \u00edntegras prepradas para un mundo en constante cambio. El estudiantado aprende a trav\u00e9s de fen\u00f3menos de la vida real, guiados por un equipo diverso de educadores locales e internacionales que se encargan de inspirar en lugar de ense\u00f1ar.<\/p>\n<\/div>\n<\/div>\n\n\n\n<div class=\"wp-block-columns are-vertically-aligned-center partners-block is-layout-flex wp-container-core-columns-is-layout-9d6595d7 wp-block-columns-is-layout-flex\">\n<div class=\"wp-block-column is-vertically-aligned-center is-layout-flow wp-block-column-is-layout-flow\" style=\"flex-basis:33.33%\"><div class=\"wp-block-image is-style-default\">\n<figure class=\"aligncenter size-full\"><a href=\"https:\/\/plastika-ks.com\/en\/\" target=\"_blank\" rel=\" noreferrer noopener\"><img loading=\"lazy\" decoding=\"async\" width=\"400\" height=\"300\" src=\"https:\/\/warp-project.eu\/wp-content\/uploads\/2025\/05\/plastika.png\" alt=\"plastika\" class=\"wp-image-223\" srcset=\"https:\/\/warp-project.eu\/wp-content\/uploads\/2025\/05\/plastika.png 400w, https:\/\/warp-project.eu\/wp-content\/uploads\/2025\/05\/plastika-16x12.png 16w\" sizes=\"auto, (max-width: 400px) 100vw, 400px\" \/><\/a><\/figure><\/div><\/div>\n\n\n\n<div class=\"wp-block-column is-vertically-aligned-center is-layout-flow wp-block-column-is-layout-flow\" style=\"flex-basis:66.66%\">\n<p><strong><a href=\"https:\/\/plastika-ks.com\/en\/\" target=\"_blank\" rel=\"noreferrer noopener\">Plastika<\/a><\/strong><br>PLASTIKA, fundada en 1992 por Astrit Shabani, es una empresa privada l\u00edder en reciclaje y fabricaci\u00f3n de pl\u00e1sticos en Kosovo, Albania y Macedonia del Norte, est\u00e1 especializada en l\u00e1minas de pl\u00e1stico de alta calidad (agr\u00edcola, construcci\u00f3n, film retr\u00e1ctil, envoltorio estirable y membrana con hoyuelos) y cuenta con m\u00e1s de 90 empleados. PLASTIKA, cuya sede se encuentra en Fush\u00eb Kosov\u00eb, dispone de modernas instalaciones de producci\u00f3n en Drenas y Podujev\u00eb. Todos sus productos tienen certificaciones ISO y CE y se fabrican con maquinaria europea avanzada siguiendo unos estrictos est\u00e1ndares de calidad. Con una red de exportaci\u00f3n que abarca Europa y Estados Unidos, PLASTIKA abastece a mercados de m\u00e1s de 18 pa\u00edses. Sus s\u00f3lidas operaciones de reciclaje procesan anualmente m\u00e1s de 7000 toneladas de LLDPE, LDPE y HDPE, lo que apoya la econom\u00eda circular; adem\u00e1s, impulsada por la innovaci\u00f3n, la sostenibilidad y la excelencia, PLASTIKA transforma los residuos pl\u00e1sticos en valiosos productos industriales y sigue siendo un actor clave en la industria regional del pl\u00e1stico.<\/p>\n<\/div>\n<\/div>\n\n\n\n<div class=\"wp-block-columns are-vertically-aligned-center partners-block is-layout-flex wp-container-core-columns-is-layout-9d6595d7 wp-block-columns-is-layout-flex\">\n<div class=\"wp-block-column is-vertically-aligned-center is-layout-flow wp-block-column-is-layout-flow\" style=\"flex-basis:33.33%\"><div class=\"wp-block-image is-style-default\">\n<figure class=\"aligncenter size-full\"><a href=\"https:\/\/read-lab.eu\/\" target=\"_blank\" rel=\" noreferrer noopener\"><img loading=\"lazy\" decoding=\"async\" width=\"400\" height=\"300\" src=\"https:\/\/warp-project.eu\/wp-content\/uploads\/2025\/04\/readlab.jpg\" alt=\"readlab\" class=\"wp-image-34\"\/><\/a><\/figure><\/div><\/div>\n\n\n\n<div class=\"wp-block-column is-vertically-aligned-center is-layout-flow wp-block-column-is-layout-flow\" style=\"flex-basis:66.66%\">\n<p><a href=\"https:\/\/read-lab.eu\" target=\"_blank\" rel=\"noreferrer noopener\"><strong>Research Innovation and Development Lab-ReadLab (EL)<\/strong><\/a><br>ReadLab, situado en Grecia, es un palad\u00edn de la cooperaci\u00f3n internacional y el desarrollo sostenible que ha demostrado su compromiso con el impacto social positivo a trav\u00e9s de la innovaci\u00f3n. As\u00ed, su experiencia en investigaci\u00f3n, educaci\u00f3n y formaci\u00f3n, tecnolog\u00eda educativa, TIC y gesti\u00f3n de la innovaci\u00f3n y los derechos de la propiedad los convierte en un valioso socio. La vasta experiencia de la empresa en materia de control de calidad y seguimiento y evaluaci\u00f3n, en particular en proyectos financiados por la UE, garantiza un alto nivel de calidad y una ejecuci\u00f3n en los plazos previstos. Adem\u00e1s, su dominio en estrategias de difusi\u00f3n y protecci\u00f3n de datos asegura una promoci\u00f3n eficaz del proyecto y el cumplimiento de los m\u00e1s altos niveles de ciberseguridad. Por tanto, la dedicaci\u00f3n de ReadLab a los enfoques centrados en las personas y al crecimiento sostenible se alinea perfectamente con los objetivos de WARP.<\/p>\n<\/div>\n<\/div>\n\n\n\n<div class=\"wp-block-columns are-vertically-aligned-center partners-block is-layout-flex wp-container-core-columns-is-layout-9d6595d7 wp-block-columns-is-layout-flex\">\n<div class=\"wp-block-column is-vertically-aligned-center is-layout-flow wp-block-column-is-layout-flow\" style=\"flex-basis:33.33%\"><div class=\"wp-block-image is-style-default\">\n<figure class=\"aligncenter size-full\"><a href=\"https:\/\/ntua.gr\/en\/\" target=\"_blank\" rel=\" noreferrer noopener\"><img loading=\"lazy\" decoding=\"async\" width=\"400\" height=\"300\" src=\"https:\/\/warp-project.eu\/wp-content\/uploads\/2025\/05\/polyt.png\" alt=\"polyt\" class=\"wp-image-266\" srcset=\"https:\/\/warp-project.eu\/wp-content\/uploads\/2025\/05\/polyt.png 400w, https:\/\/warp-project.eu\/wp-content\/uploads\/2025\/05\/polyt-16x12.png 16w\" sizes=\"auto, (max-width: 400px) 100vw, 400px\" \/><\/a><\/figure><\/div><\/div>\n\n\n\n<div class=\"wp-block-column is-vertically-aligned-center is-layout-flow wp-block-column-is-layout-flow\" style=\"flex-basis:66.66%\">\n<p class=\"has-text-align-left\"><a href=\"https:\/\/ntua.gr\/en\/\" target=\"_blank\" rel=\"noreferrer noopener\"><strong>National Technical University of Athens<\/strong><\/a><br>La National Technical University of Athens (NTUA) es una c\u00e9lebre instituci\u00f3n de Grecia, conocida por sus programas de alto calibre en materia de ingenier\u00eda y tecnolog\u00eda. Es la universidad tecnol\u00f3gica m\u00e1s antigua y prestigiosa del pa\u00eds y cuenta con una larga historia que nace en 1873. NTUA es altamente reconocida en los campos de arquitectura e ingenier\u00edas civil, mec\u00e1nica, el\u00e9ctrica, inform\u00e1tica, mec\u00e1nica y qu\u00edmica. La Unidad de Ciencia y Tecnolog\u00eda Medioambientales (UEST, por sus siglas en ingl\u00e9s) es una unidad educativa y de investigaci\u00f3n de la Escuela de Ingenier\u00eda Qu\u00edmica de la NTUA y trabaja en colaboraci\u00f3n con otras universidades, institutos de investigaci\u00f3n y autoridades p\u00fablicas y locales, as\u00ed como con el sector privado, con el fin de promover la educaci\u00f3n, la investigaci\u00f3n, la tecnolog\u00eda y la innovaci\u00f3n.<\/p>\n<\/div>\n<\/div>\n<\/div>\n<\/div>","protected":false},"excerpt":{"rendered":"<p>PARTNERS IES Ribeira do LouroIES Ribeira do<\/p>","protected":false},"author":1,"featured_media":0,"parent":0,"menu_order":0,"comment_status":"closed","ping_status":"closed","template":"page-fluid.php","meta":{"_acf_changed":false,"_uag_custom_page_level_css":"","footnotes":""},"class_list":["post-103","page","type-page","status-publish","hentry"],"acf":[],"yoast_head":"<!-- This site is optimized with the Yoast SEO plugin v25.0 - https:\/\/yoast.com\/wordpress\/plugins\/seo\/ -->\n<title>Partners - Warp<\/title>\n<meta name=\"robots\" content=\"noindex, follow, max-snippet:-1, max-image-preview:large, max-video-preview:-1\" \/>\n<meta property=\"og:locale\" content=\"es_ES\" \/>\n<meta property=\"og:type\" content=\"article\" \/>\n<meta property=\"og:title\" content=\"Partners - Warp\" \/>\n<meta property=\"og:description\" content=\"PARTNERS IES Ribeira do LouroIES Ribeira do\" \/>\n<meta property=\"og:url\" content=\"https:\/\/warp-project.eu\/es\/partners\/\" \/>\n<meta property=\"og:site_name\" content=\"Warp\" \/>\n<meta property=\"article:modified_time\" content=\"2025-06-05T14:46:34+00:00\" \/>\n<meta property=\"og:image\" content=\"https:\/\/warp-project.eu\/wp-content\/uploads\/2025\/05\/27.jpg\" \/>\n\t<meta property=\"og:image:width\" content=\"2350\" \/>\n\t<meta property=\"og:image:height\" content=\"382\" \/>\n\t<meta property=\"og:image:type\" content=\"image\/jpeg\" \/>\n<meta name=\"twitter:card\" content=\"summary_large_image\" \/>\n<meta name=\"twitter:label1\" content=\"Tiempo de lectura\" \/>\n\t<meta name=\"twitter:data1\" content=\"8 minutos\" \/>\n<script type=\"application\/ld+json\" class=\"yoast-schema-graph\">{\"@context\":\"https:\/\/schema.org\",\"@graph\":[{\"@type\":\"WebPage\",\"@id\":\"https:\/\/warp-project.eu\/partners\/\",\"url\":\"https:\/\/warp-project.eu\/partners\/\",\"name\":\"Partners - Warp\",\"isPartOf\":{\"@id\":\"https:\/\/warp-project.eu\/#website\"},\"primaryImageOfPage\":{\"@id\":\"https:\/\/warp-project.eu\/partners\/#primaryimage\"},\"image\":{\"@id\":\"https:\/\/warp-project.eu\/partners\/#primaryimage\"},\"thumbnailUrl\":\"https:\/\/warp-project.eu\/wp-content\/uploads\/2025\/05\/27.jpg\",\"datePublished\":\"2025-04-28T08:08:03+00:00\",\"dateModified\":\"2025-06-05T14:46:34+00:00\",\"breadcrumb\":{\"@id\":\"https:\/\/warp-project.eu\/partners\/#breadcrumb\"},\"inLanguage\":\"es\",\"potentialAction\":[{\"@type\":\"ReadAction\",\"target\":[\"https:\/\/warp-project.eu\/partners\/\"]}]},{\"@type\":\"ImageObject\",\"inLanguage\":\"es\",\"@id\":\"https:\/\/warp-project.eu\/partners\/#primaryimage\",\"url\":\"https:\/\/warp-project.eu\/wp-content\/uploads\/2025\/05\/27.jpg\",\"contentUrl\":\"https:\/\/warp-project.eu\/wp-content\/uploads\/2025\/05\/27.jpg\"},{\"@type\":\"BreadcrumbList\",\"@id\":\"https:\/\/warp-project.eu\/partners\/#breadcrumb\",\"itemListElement\":[{\"@type\":\"ListItem\",\"position\":1,\"name\":\"Home\",\"item\":\"https:\/\/warp-project.eu\/\"},{\"@type\":\"ListItem\",\"position\":2,\"name\":\"Partners\"}]},{\"@type\":\"WebSite\",\"@id\":\"https:\/\/warp-project.eu\/#website\",\"url\":\"https:\/\/warp-project.eu\/\",\"name\":\"Warp\",\"description\":\"\",\"potentialAction\":[{\"@type\":\"SearchAction\",\"target\":{\"@type\":\"EntryPoint\",\"urlTemplate\":\"https:\/\/warp-project.eu\/?s={search_term_string}\"},\"query-input\":{\"@type\":\"PropertyValueSpecification\",\"valueRequired\":true,\"valueName\":\"search_term_string\"}}],\"inLanguage\":\"es\"}]}<\/script>\n<!-- \/ Yoast SEO plugin. -->","yoast_head_json":{"title":"Partners - Warp","robots":{"index":"noindex","follow":"follow","max-snippet":"max-snippet:-1","max-image-preview":"max-image-preview:large","max-video-preview":"max-video-preview:-1"},"og_locale":"es_ES","og_type":"article","og_title":"Partners - Warp","og_description":"PARTNERS IES Ribeira do LouroIES Ribeira do","og_url":"https:\/\/warp-project.eu\/es\/partners\/","og_site_name":"Warp","article_modified_time":"2025-06-05T14:46:34+00:00","og_image":[{"width":2350,"height":382,"url":"https:\/\/warp-project.eu\/wp-content\/uploads\/2025\/05\/27.jpg","type":"image\/jpeg"}],"twitter_card":"summary_large_image","twitter_misc":{"Tiempo de lectura":"8 minutos"},"schema":{"@context":"https:\/\/schema.org","@graph":[{"@type":"WebPage","@id":"https:\/\/warp-project.eu\/partners\/","url":"https:\/\/warp-project.eu\/partners\/","name":"Partners - Warp","isPartOf":{"@id":"https:\/\/warp-project.eu\/#website"},"primaryImageOfPage":{"@id":"https:\/\/warp-project.eu\/partners\/#primaryimage"},"image":{"@id":"https:\/\/warp-project.eu\/partners\/#primaryimage"},"thumbnailUrl":"https:\/\/warp-project.eu\/wp-content\/uploads\/2025\/05\/27.jpg","datePublished":"2025-04-28T08:08:03+00:00","dateModified":"2025-06-05T14:46:34+00:00","breadcrumb":{"@id":"https:\/\/warp-project.eu\/partners\/#breadcrumb"},"inLanguage":"es","potentialAction":[{"@type":"ReadAction","target":["https:\/\/warp-project.eu\/partners\/"]}]},{"@type":"ImageObject","inLanguage":"es","@id":"https:\/\/warp-project.eu\/partners\/#primaryimage","url":"https:\/\/warp-project.eu\/wp-content\/uploads\/2025\/05\/27.jpg","contentUrl":"https:\/\/warp-project.eu\/wp-content\/uploads\/2025\/05\/27.jpg"},{"@type":"BreadcrumbList","@id":"https:\/\/warp-project.eu\/partners\/#breadcrumb","itemListElement":[{"@type":"ListItem","position":1,"name":"Home","item":"https:\/\/warp-project.eu\/"},{"@type":"ListItem","position":2,"name":"Partners"}]},{"@type":"WebSite","@id":"https:\/\/warp-project.eu\/#website","url":"https:\/\/warp-project.eu\/","name":"Warp","description":"","potentialAction":[{"@type":"SearchAction","target":{"@type":"EntryPoint","urlTemplate":"https:\/\/warp-project.eu\/?s={search_term_string}"},"query-input":{"@type":"PropertyValueSpecification","valueRequired":true,"valueName":"search_term_string"}}],"inLanguage":"es"}]}},"uagb_featured_image_src":{"full":false,"thumbnail":false,"medium":false,"medium_large":false,"large":false,"1536x1536":false,"2048x2048":false,"trp-custom-language-flag":false},"uagb_author_info":{"display_name":"admin","author_link":"https:\/\/warp-project.eu\/es\/author\/liaisewpadmn\/"},"uagb_comment_info":0,"uagb_excerpt":"PARTNERS IES Ribeira do LouroIES Ribeira do","_links":{"self":[{"href":"https:\/\/warp-project.eu\/es\/wp-json\/wp\/v2\/pages\/103","targetHints":{"allow":["GET"]}}],"collection":[{"href":"https:\/\/warp-project.eu\/es\/wp-json\/wp\/v2\/pages"}],"about":[{"href":"https:\/\/warp-project.eu\/es\/wp-json\/wp\/v2\/types\/page"}],"author":[{"embeddable":true,"href":"https:\/\/warp-project.eu\/es\/wp-json\/wp\/v2\/users\/1"}],"replies":[{"embeddable":true,"href":"https:\/\/warp-project.eu\/es\/wp-json\/wp\/v2\/comments?post=103"}],"version-history":[{"count":10,"href":"https:\/\/warp-project.eu\/es\/wp-json\/wp\/v2\/pages\/103\/revisions"}],"predecessor-version":[{"id":407,"href":"https:\/\/warp-project.eu\/es\/wp-json\/wp\/v2\/pages\/103\/revisions\/407"}],"wp:attachment":[{"href":"https:\/\/warp-project.eu\/es\/wp-json\/wp\/v2\/media?parent=103"}],"curies":[{"name":"wp","href":"https:\/\/api.w.org\/{rel}","templated":true}]}}